{"id":33359,"date":"2022-08-29T21:20:06","date_gmt":"2022-08-29T19:20:06","guid":{"rendered":"https:\/\/iotlab.com\/eventos\/slices-ch-2022\/"},"modified":"2022-08-29T21:20:08","modified_gmt":"2022-08-29T19:20:08","slug":"slices-ch-2022","status":"publish","type":"page","link":"https:\/\/iotlab.com\/es\/eventos\/slices-ch-2022\/","title":{"rendered":"SLICES-CH 2022"},"content":{"rendered":"<p>[et_pb_section fb_built=\u00bb1&#8243; fullwidth=\u00bbon\u00bb admin_label=\u00bbHero\u00bb _builder_version=\u00bb4.16&#8243; _module_preset=\u00bbdefault\u00bb background_image=\u00bbhttps:\/\/iotlab.com\/wp-content\/uploads\/2021\/08\/dreamstime_xxl_108521747.jpg\u00bb background_position=\u00bbbottom_left\u00bb custom_css_main_element=\u00bb  background-attachment: fixed;||  background-position: bottom;||  background-repeat: no-repeat;||  background-size: cover;\u00bb box_shadow_style=\u00bbpreset1&#8243; locked=\u00bboff\u00bb global_colors_info=\u00bb{}\u00bb][et_pb_fullwidth_slider use_bg_overlay=\u00bboff\u00bb use_text_overlay=\u00bboff\u00bb admin_label=\u00bbFullwidth Slider\u00bb _builder_version=\u00bb4.17.6&#8243; _module_preset=\u00bbdefault\u00bb header_text_align=\u00bbleft\u00bb background_enable_color=\u00bboff\u00bb width=\u00bb100%\u00bb module_alignment=\u00bbcenter\u00bb content_width=\u00bb100%\u00bb content_max_width=\u00bb100%\u00bb max_height=\u00bb351px\u00bb custom_padding=\u00bb80px||80px||true|false\u00bb global_colors_info=\u00bb{}\u00bb][et_pb_slide heading=\u00bbSLICES-CH 2022&#8243; _builder_version=\u00bb4.17.6&#8243; _module_preset=\u00bbdefault\u00bb header_level=\u00bbh1&#8243; header_font=\u00bb|600|||||||\u00bb header_text_align=\u00bbcenter\u00bb header_font_size=\u00bb40px\u00bb header_line_height=\u00bb1.2em\u00bb body_text_align=\u00bbleft\u00bb body_font_size=\u00bb20px\u00bb body_line_height=\u00bb1.5em\u00bb background_color=\u00bbrgba(16,21,53,0.81)\u00bb background_enable_color=\u00bbon\u00bb use_background_color_gradient=\u00bbon\u00bb background_color_gradient_type=\u00bbcircular\u00bb background_color_gradient_direction_radial=\u00bbbottom\u00bb background_color_gradient_stops=\u00bbrgba(0,0,0,0) 0%|#00abd6 92%\u00bb background_color_gradient_start=\u00bbrgba(0,0,0,0)\u00bb background_color_gradient_end=\u00bb#00abd6&#8243; background_color_gradient_end_position=\u00bb92%\u00bb button_alignment=\u00bbleft\u00bb text_orientation=\u00bbleft\u00bb max_width=\u00bb1080px\u00bb max_width_tablet=\u00bb605px\u00bb max_width_phone=\u00bb304px\u00bb max_width_last_edited=\u00bbon|phone\u00bb custom_padding=\u00bb|0px||0px|false|true\u00bb custom_padding_tablet=\u00bb30px|0px|30px|0px|true|false\u00bb custom_padding_phone=\u00bb25px|0px|25px|0px|true|true\u00bb custom_padding_last_edited=\u00bbon|phone\u00bb header_font_size_tablet=\u00bb\u00bb header_font_size_phone=\u00bb28px\u00bb header_font_size_last_edited=\u00bbon|phone\u00bb custom_css_slide_image=\u00bbmax-width: 40%;\u00bb global_colors_info=\u00bb{}\u00bb sticky_transition=\u00bbon\u00bb][\/et_pb_slide][\/et_pb_fullwidth_slider][\/et_pb_section][et_pb_section fb_built=\u00bb1&#8243; custom_padding_last_edited=\u00bbon|tablet\u00bb module_id=\u00bbacerca de\u00bb _builder_version=\u00bb4.17.6&#8243; _module_preset=\u00bb38daf00d-ad10-460d-98cc-26939271c41b\u00bb custom_padding_tablet=\u00bb\u00bb custom_padding_phone=\u00bb\u00bb locked=\u00bboff\u00bb global_colors_info=\u00bb{}\u00bb][et_pb_row custom_padding_last_edited=\u00bbon|desktop\u00bb _builder_version=\u00bb4.17.6&#8243; _module_preset=\u00bb7fd053b9-c243-4260-9eb4-baa2e3fdd7d7&#8243; custom_padding_tablet=\u00bb\u00bb custom_padding_phone=\u00bb\u00bb global_colors_info=\u00bb{}\u00bb][et_pb_column type=\u00bb4_4&#8243; admin_label=\u00bbColumn\u00bb _builder_version=\u00bb4.16&#8243; _module_preset=\u00bbdefault\u00bb global_colors_info=\u00bb{}\u00bb][et_pb_text _builder_version=\u00bb4.17.6&#8243; _module_preset=\u00bbb7aad84b-4396-4388-862b-89f63d9791bf\u00bb header_2_text_align=\u00bbcenter\u00bb global_colors_info=\u00bb{}\u00bb]<\/p>\n<h2>Conferencia sobre la infraestructura de investigaci\u00f3n paneuropea SLICES para la innovaci\u00f3n y la transformaci\u00f3n digital &#8211; Evento de cl\u00faster suizo<\/h2>\n<p>[\/et_pb_text][\/et_pb_column][\/et_pb_row][\/et_pb_section][et_pb_section fb_built=\u00bb1&#8243; custom_padding_last_edited=\u00bbon|desktop\u00bb _builder_version=\u00bb4.17.6&#8243; _module_preset=\u00bb38daf00d-ad10-460d-98cc-26939271c41b\u00bb custom_padding_tablet=\u00bb\u00bb custom_padding_phone=\u00bb\u00bb global_colors_info=\u00bb{}\u00bb][et_pb_row column_structure=\u00bb1_3,2_3&#8243; _builder_version=\u00bb4.17.6&#8243; _module_preset=\u00bbdefault\u00bb background_color=\u00bb#000000&#8243; custom_padding=\u00bb12px|20px|12px|20px|true|true\u00bb locked=\u00bboff\u00bb global_colors_info=\u00bb{}\u00bb][et_pb_column type=\u00bb1_3&#8243; _builder_version=\u00bb4.17.6&#8243; _module_preset=\u00bbdefault\u00bb global_colors_info=\u00bb{}\u00bb][et_pb_image src=\u00bbhttps:\/\/iotlab.com\/wp-content\/uploads\/2022\/07\/slices-logo_281x80.png\u00bb alt=\u00bbSLICES &#8211; logo\u00bb title_text=\u00bbSlices &#8211; logo\u00bb align_tablet=\u00bbcenter\u00bb align_phone=\u00bbcenter\u00bb align_last_edited=\u00bbon|tablet\u00bb _builder_version=\u00bb4.17.6&#8243; _module_preset=\u00bbdefault\u00bb custom_margin_tablet=\u00bb20px||0px||false|false\u00bb custom_margin_phone=\u00bb||0px||false|false\u00bb custom_margin_last_edited=\u00bbon|tablet\u00bb custom_padding=\u00bb||||false|false\u00bb global_colors_info=\u00bb{}\u00bb][\/et_pb_image][\/et_pb_column][et_pb_column type=\u00bb2_3&#8243; _builder_version=\u00bb4.17.6&#8243; _module_preset=\u00bbdefault\u00bb global_colors_info=\u00bb{}\u00bb][et_pb_text _builder_version=\u00bb4.17.6&#8243; _module_preset=\u00bb79c8b34a-6293-481e-93ee-498bc7976b59&#8243; text_text_color=\u00bb#FFFFFF\u00bb header_2_text_color=\u00bb#FFFFFF\u00bb header_2_font_size=\u00bb41px\u00bb header_3_text_color=\u00bb#FFFFFF\u00bb background_color=\u00bb#000000&#8243; custom_margin=\u00bb11px||||false|false\u00bb custom_margin_tablet=\u00bb11px||||false|false\u00bb custom_margin_phone=\u00bb11px||||false|false\u00bb custom_margin_last_edited=\u00bbon|desktop\u00bb global_colors_info=\u00bb{}\u00bb]<\/p>\n<h3>Fecha: 6 de octubre de 2022, 9-17 CET<br \/>Link : <span style=\"color: #00ccff;\"><a href=\"https:\/\/bit.ly\/3z0KawH\" target=\"_blank\" rel=\"noopener\" style=\"color: #00ccff;\">https:\/\/bit.ly\/3z0KawH<\/a><\/span><\/h3>\n<p>[\/et_pb_text][\/et_pb_column][\/et_pb_row][et_pb_row _builder_version=\u00bb4.17.6&#8243; _module_preset=\u00bbdefault\u00bb global_colors_info=\u00bb{}\u00bb][et_pb_column type=\u00bb4_4&#8243; _builder_version=\u00bb4.17.6&#8243; _module_preset=\u00bbdefault\u00bb global_colors_info=\u00bb{}\u00bb][et_pb_text _builder_version=\u00bb4.17.6&#8243; _module_preset=\u00bb_initial\u00bb global_colors_info=\u00bb{}\u00bb]<\/p>\n<p>\u00bfTe gustar\u00eda descubrir\u2026<\/p>\n<ul>\n<li>\u00bfC\u00f3mo acceder a la mayor infraestructura de investigaci\u00f3n europea para su investigaci\u00f3n?<\/li>\n<li>\u00bfC\u00f3mo pueden los investigadores suizos unirse y participar en la cooperaci\u00f3n en investigaci\u00f3n?<\/li>\n<li>\u00bfNuevas oportunidades para que los investigadores suizos colaboren con sus pares europeos?<\/li>\n<li>\u00bfInfraestructura de investigaci\u00f3n innovadora para tecnolog\u00edas futuras?<\/li>\n<li>\u00bfC\u00f3mo reforzar la colaboraci\u00f3n a nivel suizo y europeo a trav\u00e9s de la iniciativa Slices?<\/li>\n<\/ul>\n<p>SLICES es una plataforma flexible dise\u00f1ada para respaldar la investigaci\u00f3n experimental a gran escala centrada en protocolos de red, tecnolog\u00edas de radio, servicios, recopilaci\u00f3n de datos, computaci\u00f3n paralela y distribuida y, en particular, arquitecturas y servicios inform\u00e1ticos basados en la nube y en el borde.<\/p>\n<p>El proyecto SLICES H2020 se complace en invitarlo a un taller suizo en l\u00ednea de <strong>un d\u00eda sobre la infraestructura paneuropea SLICES para las TIC<\/strong> el <sup>6<\/sup> de octubre, de 9 a 17 CET.<\/p>\n<p>\u00a1\u00danete a nosotros y s\u00e9 parte de la discusi\u00f3n!<\/p>\n<p>[\/et_pb_text][\/et_pb_column][\/et_pb_row][\/et_pb_section][et_pb_section fb_built=\u00bb1&#8243; _builder_version=\u00bb4.17.6&#8243; _module_preset=\u00bb38daf00d-ad10-460d-98cc-26939271c41b\u00bb global_colors_info=\u00bb{}\u00bb][et_pb_row _builder_version=\u00bb4.17.6&#8243; _module_preset=\u00bbdefault\u00bb global_colors_info=\u00bb{}\u00bb][et_pb_column type=\u00bb4_4&#8243; _builder_version=\u00bb4.17.6&#8243; _module_preset=\u00bbdefault\u00bb global_colors_info=\u00bb{}\u00bb][et_pb_text _builder_version=\u00bb4.17.6&#8243; _module_preset=\u00bbb7aad84b-4396-4388-862b-89f63d9791bf\u00bb header_2_text_align=\u00bbcenter\u00bb global_colors_info=\u00bb{}\u00bb]<\/p>\n<h2>Agenda<\/h2>\n<p>[\/et_pb_text][et_pb_text _builder_version=\u00bb4.17.6&#8243; _module_preset=\u00bb79c8b34a-6293-481e-93ee-498bc7976b59&#8243; global_colors_info=\u00bb{}\u00bb]<\/p>\n<p><span><strong>9:00<\/strong><\/span><span> <\/span><span><strong> SLICES INFRAESTRUCTURA DE INVESTIGACI\u00d3N PANEUROPEA PARA LAS TIC<\/strong><\/span><span><strong>VISION GENERAL<\/strong><\/span><\/p>\n<ul>\n<li>S\u00e9bastien Ziegler, presidente de IoT Lab y IoT Forum<\/li>\n<li>Anna Fill, Secretar\u00eda de Estado de Educaci\u00f3n, Investigaci\u00f3n e Innovaci\u00f3n de Suiza<\/li>\n<li>Elena Hoffert, Ministerio de Educaci\u00f3n Superior e Investigaci\u00f3n de Francia<\/li>\n<li>Ana Proykova, Presidenta del Grupo DIGIT, Foro Estrat\u00e9gico Europeo sobre Infraestructuras de Investigaci\u00f3n (ESFRI)<\/li>\n<li>Serge Fdida, Universidad de la Sorbona<\/li>\n<\/ul>\n<p>[\/et_pb_text][et_pb_text _builder_version=\u00bb4.17.6&#8243; _module_preset=\u00bb79c8b34a-6293-481e-93ee-498bc7976b59&#8243; global_colors_info=\u00bb{}\u00bb]<\/p>\n<p><span><strong>10:00<\/strong><\/span><span>     <\/span><span><strong>NUEVAS FRONTERAS PARA LA INVESTIGACI\u00d3N<\/strong><\/span><br \/><span><strong>Algunos desaf\u00edos cient\u00edficos abordados por SLICES <\/strong><\/span><\/p>\n<ul>\n<li>Ari Pottu, Universidad de Oulu<\/li>\n<li>Bartosz Belter, Centro de Redes y Supercomputaci\u00f3n de Poznan<\/li>\n<li>Andrea Passarella, Instituto de Inform\u00e1tica y Telem\u00e1tica (IIT) &#8211; CNR<\/li>\n<li>Yuri Demchenko, Universidad de \u00c1msterdam<\/li>\n<li>Q&amp;A<\/li>\n<\/ul>\n<p>[\/et_pb_text][et_pb_text _builder_version=\u00bb4.17.6&#8243; _module_preset=\u00bb79c8b34a-6293-481e-93ee-498bc7976b59&#8243; global_colors_info=\u00bb{}\u00bb]<\/p>\n<p><span><strong><em>11:00 <\/em><\/strong><\/span><span> <\/span><span><strong><em>Coffee break<\/em><\/strong><\/span><\/p>\n<p>[\/et_pb_text][et_pb_text _builder_version=\u00bb4.17.6&#8243; _module_preset=\u00bb79c8b34a-6293-481e-93ee-498bc7976b59&#8243; global_colors_info=\u00bb{}\u00bb]<\/p>\n<p><span><strong>11:30<\/strong><\/span><span>     <\/span><span><strong>OPORTUNIDADES DE SLICES Y VALOR A\u00d1ADIDO PARA LOS INVESTIGADORES SUIZOS<\/strong><\/span><br \/><span><strong>Unirse a la comunidad y oportunidades para los investigadores suizos<\/strong><\/span><\/p>\n<p>[\/et_pb_text][et_pb_text _builder_version=\u00bb4.17.6&#8243; _module_preset=\u00bb79c8b34a-6293-481e-93ee-498bc7976b59&#8243; global_colors_info=\u00bb{}\u00bb]<\/p>\n<p><span><strong><em>12 :30<\/em><\/strong><\/span><span> <\/span><span><strong><em>Lunch break<\/em><\/strong><\/span><\/p>\n<p>[\/et_pb_text][et_pb_text _builder_version=\u00bb4.17.6&#8243; _module_preset=\u00bb79c8b34a-6293-481e-93ee-498bc7976b59&#8243; global_colors_info=\u00bb{}\u00bb]<\/p>\n<p><span><strong><\/strong><\/span><\/p>\n<p><span><strong>14 :00<\/strong><\/span><span>    <\/span><span><strong>OPORTUNIDADES SUIZAS Y VALOR A\u00d1ADIDO PARA SLICES <\/strong><\/span><span> <\/span><br \/><span><strong>Descripci\u00f3n general de las infraestructuras de investigaci\u00f3n suizas <\/strong><\/span><span> <\/span><\/p>\n<ul>\n<li>Bernhard Plattner, profesor em., ETH Z\u00fcrich<\/li>\n<li>Dimitri Konstantas, Universidad de Ginebra<\/li>\n<li>Jan Kerschgens, Centro EPFL para Sistemas Inteligentes<\/li>\n<li>Laurent Sciboz, Universidad de Ciencias Aplicadas y Artes de Suiza Occidental (HES-SO)<\/li>\n<li>Gustavo Alonso, ETH Z\u00fcrich<\/li>\n<li>Juerg Leuthold, ETH Z\u00fcrich<\/li>\n<\/ul>\n<p>[\/et_pb_text][et_pb_text _builder_version=\u00bb4.17.6&#8243; _module_preset=\u00bb79c8b34a-6293-481e-93ee-498bc7976b59&#8243; global_colors_info=\u00bb{}\u00bb]<\/p>\n<p><span><strong>15:00<\/strong><\/span><span>     <\/span><span><strong>EL CAMINO A SEGUIR Y EL PLAN DE ACCI\u00d3N<\/strong><\/span><br \/><span><strong>Discusi\u00f3n abierta sobre acciones prioritarias para el cl\u00faster suizo<\/strong><\/span><\/p>\n<p>[\/et_pb_text][et_pb_text _builder_version=\u00bb4.17.6&#8243; _module_preset=\u00bb79c8b34a-6293-481e-93ee-498bc7976b59&#8243; global_colors_info=\u00bb{}\u00bb]<\/p>\n<p><span><strong>16:00<\/strong><\/span><span> <\/span><span><strong> CONCLUSI\u00d3N Y PR\u00d3XIMOS PASOS<\/strong><\/span><\/p>\n<p>[\/et_pb_text][et_pb_text _builder_version=\u00bb4.17.6&#8243; _module_preset=\u00bb79c8b34a-6293-481e-93ee-498bc7976b59&#8243; global_colors_info=\u00bb{}\u00bb]<\/p>\n<p><span><strong>17:00<\/strong><\/span><span> <\/span><span><strong> Fin<\/strong><\/span><\/p>\n<p>[\/et_pb_text][\/et_pb_column][\/et_pb_row][\/et_pb_section]<\/p>\n","protected":false},"excerpt":{"rendered":"<p>Conferencia sobre la infraestructura de investigaci\u00f3n paneuropea SLICES para la innovaci\u00f3n y la transformaci\u00f3n digital &#8211; Evento de cl\u00faster suizoFecha: 6 de octubre de 2022, 9-17 CETLink : https:\/\/bit.ly\/3z0KawH\u00bfTe gustar\u00eda descubrir\u2026 \u00bfC\u00f3mo acceder a la mayor infraestructura de investigaci\u00f3n europea para su investigaci\u00f3n? \u00bfC\u00f3mo pueden los investigadores suizos unirse y participar en la cooperaci\u00f3n en [&hellip;]<\/p>\n","protected":false},"author":1,"featured_media":0,"parent":32826,"menu_order":0,"comment_status":"closed","ping_status":"closed","template":"","meta":{"_et_pb_use_builder":"on","_et_pb_old_content":"","_et_gb_content_width":"","inline_featured_image":false,"footnotes":""},"class_list":["post-33359","page","type-page","status-publish","hentry"],"yoast_head":"<!-- This site is optimized with the Yoast SEO Premium plugin v27.4 (Yoast SEO v27.5) - https:\/\/yoast.com\/product\/yoast-seo-premium-wordpress\/ -->\n<title>SLICES-CH 2022 - IoT Lab<\/title>\n<meta name=\"robots\" content=\"index, follow, max-snippet:-1, max-image-preview:large, max-video-preview:-1\" \/>\n<link rel=\"canonical\" href=\"https:\/\/iotlab.com\/es\/eventos\/slices-ch-2022\/\" \/>\n<meta property=\"og:locale\" content=\"es_ES\" \/>\n<meta property=\"og:type\" content=\"article\" \/>\n<meta property=\"og:title\" content=\"SLICES-CH 2022\" \/>\n<meta property=\"og:description\" content=\"Conferencia sobre la infraestructura de investigaci\u00f3n paneuropea SLICES para la innovaci\u00f3n y la transformaci\u00f3n digital - Evento de cl\u00faster suizoFecha: 6 de octubre de 2022, 9-17 CETLink : https:\/\/bit.ly\/3z0KawH\u00bfTe gustar\u00eda descubrir\u2026 \u00bfC\u00f3mo acceder a la mayor infraestructura de investigaci\u00f3n europea para su investigaci\u00f3n? \u00bfC\u00f3mo pueden los investigadores suizos unirse y participar en la cooperaci\u00f3n en [&hellip;]\" \/>\n<meta property=\"og:url\" content=\"https:\/\/iotlab.com\/es\/eventos\/slices-ch-2022\/\" \/>\n<meta property=\"og:site_name\" content=\"IoT Lab\" \/>\n<meta property=\"article:modified_time\" content=\"2022-08-29T19:20:08+00:00\" \/>\n<meta name=\"twitter:card\" content=\"summary_large_image\" \/>\n<meta name=\"twitter:label1\" content=\"Tiempo de lectura\" \/>\n\t<meta name=\"twitter:data1\" content=\"7 minutos\" \/>\n<script type=\"application\/ld+json\" class=\"yoast-schema-graph\">{\"@context\":\"https:\\\/\\\/schema.org\",\"@graph\":[{\"@type\":\"WebPage\",\"@id\":\"https:\\\/\\\/iotlab.com\\\/es\\\/eventos\\\/slices-ch-2022\\\/\",\"url\":\"https:\\\/\\\/iotlab.com\\\/es\\\/eventos\\\/slices-ch-2022\\\/\",\"name\":\"SLICES-CH 2022 - IoT Lab\",\"isPartOf\":{\"@id\":\"https:\\\/\\\/iotlab.com\\\/es\\\/#website\"},\"datePublished\":\"2022-08-29T19:20:06+00:00\",\"dateModified\":\"2022-08-29T19:20:08+00:00\",\"breadcrumb\":{\"@id\":\"https:\\\/\\\/iotlab.com\\\/es\\\/eventos\\\/slices-ch-2022\\\/#breadcrumb\"},\"inLanguage\":\"es\",\"potentialAction\":[{\"@type\":\"ReadAction\",\"target\":[\"https:\\\/\\\/iotlab.com\\\/es\\\/eventos\\\/slices-ch-2022\\\/\"]}]},{\"@type\":\"BreadcrumbList\",\"@id\":\"https:\\\/\\\/iotlab.com\\\/es\\\/eventos\\\/slices-ch-2022\\\/#breadcrumb\",\"itemListElement\":[{\"@type\":\"ListItem\",\"position\":1,\"name\":\"Home\",\"item\":\"https:\\\/\\\/iotlab.com\\\/es\\\/\"},{\"@type\":\"ListItem\",\"position\":2,\"name\":\"Eventos\",\"item\":\"https:\\\/\\\/iotlab.com\\\/es\\\/eventos\\\/\"},{\"@type\":\"ListItem\",\"position\":3,\"name\":\"SLICES-CH 2022\"}]},{\"@type\":\"WebSite\",\"@id\":\"https:\\\/\\\/iotlab.com\\\/es\\\/#website\",\"url\":\"https:\\\/\\\/iotlab.com\\\/es\\\/\",\"name\":\"Iot Lab\",\"description\":\"IoT Lab is an international platform of services and resources for the Internet of Things (IoT), digital transformation and data protection, providing solutions and services for Internet of Things and Digital Transformation, Smart Cities, Privacy &amp; Security, Research &amp; Innovation, Technology transfer &amp; Standardization, International Cooperation and SDGs.\",\"alternateName\":\"Iot Lab\",\"potentialAction\":[{\"@type\":\"SearchAction\",\"target\":{\"@type\":\"EntryPoint\",\"urlTemplate\":\"https:\\\/\\\/iotlab.com\\\/es\\\/?s={search_term_string}\"},\"query-input\":{\"@type\":\"PropertyValueSpecification\",\"valueRequired\":true,\"valueName\":\"search_term_string\"}}],\"inLanguage\":\"es\"}]}<\/script>\n<!-- \/ Yoast SEO Premium plugin. -->","yoast_head_json":{"title":"SLICES-CH 2022 - IoT Lab","robots":{"index":"index","follow":"follow","max-snippet":"max-snippet:-1","max-image-preview":"max-image-preview:large","max-video-preview":"max-video-preview:-1"},"canonical":"https:\/\/iotlab.com\/es\/eventos\/slices-ch-2022\/","og_locale":"es_ES","og_type":"article","og_title":"SLICES-CH 2022","og_description":"Conferencia sobre la infraestructura de investigaci\u00f3n paneuropea SLICES para la innovaci\u00f3n y la transformaci\u00f3n digital - Evento de cl\u00faster suizoFecha: 6 de octubre de 2022, 9-17 CETLink : https:\/\/bit.ly\/3z0KawH\u00bfTe gustar\u00eda descubrir\u2026 \u00bfC\u00f3mo acceder a la mayor infraestructura de investigaci\u00f3n europea para su investigaci\u00f3n? \u00bfC\u00f3mo pueden los investigadores suizos unirse y participar en la cooperaci\u00f3n en [&hellip;]","og_url":"https:\/\/iotlab.com\/es\/eventos\/slices-ch-2022\/","og_site_name":"IoT Lab","article_modified_time":"2022-08-29T19:20:08+00:00","twitter_card":"summary_large_image","twitter_misc":{"Tiempo de lectura":"7 minutos"},"schema":{"@context":"https:\/\/schema.org","@graph":[{"@type":"WebPage","@id":"https:\/\/iotlab.com\/es\/eventos\/slices-ch-2022\/","url":"https:\/\/iotlab.com\/es\/eventos\/slices-ch-2022\/","name":"SLICES-CH 2022 - IoT Lab","isPartOf":{"@id":"https:\/\/iotlab.com\/es\/#website"},"datePublished":"2022-08-29T19:20:06+00:00","dateModified":"2022-08-29T19:20:08+00:00","breadcrumb":{"@id":"https:\/\/iotlab.com\/es\/eventos\/slices-ch-2022\/#breadcrumb"},"inLanguage":"es","potentialAction":[{"@type":"ReadAction","target":["https:\/\/iotlab.com\/es\/eventos\/slices-ch-2022\/"]}]},{"@type":"BreadcrumbList","@id":"https:\/\/iotlab.com\/es\/eventos\/slices-ch-2022\/#breadcrumb","itemListElement":[{"@type":"ListItem","position":1,"name":"Home","item":"https:\/\/iotlab.com\/es\/"},{"@type":"ListItem","position":2,"name":"Eventos","item":"https:\/\/iotlab.com\/es\/eventos\/"},{"@type":"ListItem","position":3,"name":"SLICES-CH 2022"}]},{"@type":"WebSite","@id":"https:\/\/iotlab.com\/es\/#website","url":"https:\/\/iotlab.com\/es\/","name":"Iot Lab","description":"IoT Lab is an international platform of services and resources for the Internet of Things (IoT), digital transformation and data protection, providing solutions and services for Internet of Things and Digital Transformation, Smart Cities, Privacy &amp; Security, Research &amp; Innovation, Technology transfer &amp; Standardization, International Cooperation and SDGs.","alternateName":"Iot Lab","potentialAction":[{"@type":"SearchAction","target":{"@type":"EntryPoint","urlTemplate":"https:\/\/iotlab.com\/es\/?s={search_term_string}"},"query-input":{"@type":"PropertyValueSpecification","valueRequired":true,"valueName":"search_term_string"}}],"inLanguage":"es"}]}},"_links":{"self":[{"href":"https:\/\/iotlab.com\/es\/wp-json\/wp\/v2\/pages\/33359","targetHints":{"allow":["GET"]}}],"collection":[{"href":"https:\/\/iotlab.com\/es\/wp-json\/wp\/v2\/pages"}],"about":[{"href":"https:\/\/iotlab.com\/es\/wp-json\/wp\/v2\/types\/page"}],"author":[{"embeddable":true,"href":"https:\/\/iotlab.com\/es\/wp-json\/wp\/v2\/users\/1"}],"replies":[{"embeddable":true,"href":"https:\/\/iotlab.com\/es\/wp-json\/wp\/v2\/comments?post=33359"}],"version-history":[{"count":2,"href":"https:\/\/iotlab.com\/es\/wp-json\/wp\/v2\/pages\/33359\/revisions"}],"predecessor-version":[{"id":33361,"href":"https:\/\/iotlab.com\/es\/wp-json\/wp\/v2\/pages\/33359\/revisions\/33361"}],"up":[{"embeddable":true,"href":"https:\/\/iotlab.com\/es\/wp-json\/wp\/v2\/pages\/32826"}],"wp:attachment":[{"href":"https:\/\/iotlab.com\/es\/wp-json\/wp\/v2\/media?parent=33359"}],"curies":[{"name":"wp","href":"https:\/\/api.w.org\/{rel}","templated":true}]}}